{"id":3953,"date":"2026-05-28T08:19:26","date_gmt":"2026-05-28T06:19:26","guid":{"rendered":"https:\/\/www.festivalauvillage.fr\/?post_type=show&#038;p=3953"},"modified":"2026-05-28T08:19:27","modified_gmt":"2026-05-28T06:19:27","slug":"kalistrio","status":"publish","type":"show","link":"https:\/\/festivalauvillage.fr\/spectacles\/kalistrio\/","title":{"rendered":"Kalistrio"},"content":{"rendered":"\n<p class=\"wp-block-paragraph\">Kalistrio est la rencontre entre le bandon\u00e9oniste argentin Victor Hugo Villena, le contrebassiste super virtuose R\u00e9mi Yulzary, sp\u00e9cialiste de la musique klezmer et arabo andalouse et le d\u00e9licat guitariste \u00e9clectique Yannick Lopes, ensemble ils nous am\u00e8nent dans un voyage inattendu entre l\u2019Am\u00e9rique du Sud et les musiques orientales.<\/p>\n\n\n\n<h2 class=\"wp-block-heading\">Extrait vid\u00e9o<\/h2>\n\n\n\n<figure class=\"wp-block-embed is-type-video is-provider-youtube wp-block-embed-youtube wp-embed-aspect-16-9 wp-has-aspect-ratio\"><div class=\"wp-block-embed__wrapper\">\n<iframe loading=\"lazy\" title=\"Kalistrio (teaser)\" width=\"500\" height=\"281\" src=\"https:\/\/www.youtube.com\/embed\/OC4vHsNrqXQ?start=9&amp;feature=oembed\" frameborder=\"0\" allow=\"accelerometer; autoplay; clipboard-write; encrypted-media; gyroscope; picture-in-picture; web-share\" referrerpolicy=\"strict-origin-when-cross-origin\" allowfullscreen><\/iframe>\n<\/div><\/figure>\n","protected":false},"featured_media":0,"template":"","show-type":[5],"class_list":["post-3953","show","type-show","status-publish","hentry","show-type-concert"],"acf":[],"yoast_head":"<!-- This site is optimized with the Yoast SEO plugin v27.9 - https:\/\/yoast.com\/product\/yoast-seo-wordpress\/ -->\n<title>Kalistrio &#8212; Festival au Village<\/title>\n<meta name=\"robots\" content=\"index, follow, max-snippet:-1, max-image-preview:large, max-video-preview:-1\" \/>\n<link rel=\"canonical\" href=\"https:\/\/festivalauvillage.fr\/spectacles\/kalistrio\/\" \/>\n<meta name=\"twitter:label1\" content=\"Dur\u00e9e de lecture estim\u00e9e\" \/>\n\t<meta name=\"twitter:data1\" content=\"1 minute\" \/>\n<script type=\"application\/ld+json\" class=\"yoast-schema-graph\">{\"@context\":\"https:\\\/\\\/schema.org\",\"@graph\":[{\"@type\":\"WebPage\",\"@id\":\"https:\\\/\\\/festivalauvillage.fr\\\/spectacles\\\/kalistrio\\\/\",\"url\":\"https:\\\/\\\/festivalauvillage.fr\\\/spectacles\\\/kalistrio\\\/\",\"name\":\"Kalistrio &#8212; Festival au Village\",\"isPartOf\":{\"@id\":\"https:\\\/\\\/festivalauvillage.fr\\\/#website\"},\"datePublished\":\"2026-05-28T06:19:26+00:00\",\"dateModified\":\"2026-05-28T06:19:27+00:00\",\"breadcrumb\":{\"@id\":\"https:\\\/\\\/festivalauvillage.fr\\\/spectacles\\\/kalistrio\\\/#breadcrumb\"},\"inLanguage\":\"fr-FR\",\"potentialAction\":[{\"@type\":\"ReadAction\",\"target\":[\"https:\\\/\\\/festivalauvillage.fr\\\/spectacles\\\/kalistrio\\\/\"]}]},{\"@type\":\"BreadcrumbList\",\"@id\":\"https:\\\/\\\/festivalauvillage.fr\\\/spectacles\\\/kalistrio\\\/#breadcrumb\",\"itemListElement\":[{\"@type\":\"ListItem\",\"position\":1,\"name\":\"Accueil\",\"item\":\"https:\\\/\\\/festivalauvillage.fr\\\/\"},{\"@type\":\"ListItem\",\"position\":2,\"name\":\"Spectacles\",\"item\":\"http:\\\/\\\/festivalauvillage.fr\\\/spectacles\\\/\"},{\"@type\":\"ListItem\",\"position\":3,\"name\":\"Kalistrio\"}]},{\"@type\":\"WebSite\",\"@id\":\"https:\\\/\\\/festivalauvillage.fr\\\/#website\",\"url\":\"https:\\\/\\\/festivalauvillage.fr\\\/\",\"name\":\"Festival au Village\",\"description\":\"Soif de spectacles !\",\"publisher\":{\"@id\":\"https:\\\/\\\/festivalauvillage.fr\\\/#organization\"},\"potentialAction\":[{\"@type\":\"SearchAction\",\"target\":{\"@type\":\"EntryPoint\",\"urlTemplate\":\"https:\\\/\\\/festivalauvillage.fr\\\/?s={search_term_string}\"},\"query-input\":{\"@type\":\"PropertyValueSpecification\",\"valueRequired\":true,\"valueName\":\"search_term_string\"}}],\"inLanguage\":\"fr-FR\"},{\"@type\":\"Organization\",\"@id\":\"https:\\\/\\\/festivalauvillage.fr\\\/#organization\",\"name\":\"Sc\u00e8nes nomades\",\"url\":\"https:\\\/\\\/festivalauvillage.fr\\\/\",\"logo\":{\"@type\":\"ImageObject\",\"inLanguage\":\"fr-FR\",\"@id\":\"https:\\\/\\\/festivalauvillage.fr\\\/#\\\/schema\\\/logo\\\/image\\\/\",\"url\":\"http:\\\/\\\/festivalauvillage.fr\\\/wp-content\\\/uploads\\\/2019\\\/05\\\/scenes-nomades.png\",\"contentUrl\":\"http:\\\/\\\/festivalauvillage.fr\\\/wp-content\\\/uploads\\\/2019\\\/05\\\/scenes-nomades.png\",\"width\":295,\"height\":112,\"caption\":\"Sc\u00e8nes nomades\"},\"image\":{\"@id\":\"https:\\\/\\\/festivalauvillage.fr\\\/#\\\/schema\\\/logo\\\/image\\\/\"}}]}<\/script>\n<!-- \/ Yoast SEO plugin. -->","yoast_head_json":{"title":"Kalistrio &#8212; Festival au Village","robots":{"index":"index","follow":"follow","max-snippet":"max-snippet:-1","max-image-preview":"max-image-preview:large","max-video-preview":"max-video-preview:-1"},"canonical":"https:\/\/festivalauvillage.fr\/spectacles\/kalistrio\/","twitter_misc":{"Dur\u00e9e de lecture estim\u00e9e":"1 minute"},"schema":{"@context":"https:\/\/schema.org","@graph":[{"@type":"WebPage","@id":"https:\/\/festivalauvillage.fr\/spectacles\/kalistrio\/","url":"https:\/\/festivalauvillage.fr\/spectacles\/kalistrio\/","name":"Kalistrio &#8212; Festival au Village","isPartOf":{"@id":"https:\/\/festivalauvillage.fr\/#website"},"datePublished":"2026-05-28T06:19:26+00:00","dateModified":"2026-05-28T06:19:27+00:00","breadcrumb":{"@id":"https:\/\/festivalauvillage.fr\/spectacles\/kalistrio\/#breadcrumb"},"inLanguage":"fr-FR","potentialAction":[{"@type":"ReadAction","target":["https:\/\/festivalauvillage.fr\/spectacles\/kalistrio\/"]}]},{"@type":"BreadcrumbList","@id":"https:\/\/festivalauvillage.fr\/spectacles\/kalistrio\/#breadcrumb","itemListElement":[{"@type":"ListItem","position":1,"name":"Accueil","item":"https:\/\/festivalauvillage.fr\/"},{"@type":"ListItem","position":2,"name":"Spectacles","item":"http:\/\/festivalauvillage.fr\/spectacles\/"},{"@type":"ListItem","position":3,"name":"Kalistrio"}]},{"@type":"WebSite","@id":"https:\/\/festivalauvillage.fr\/#website","url":"https:\/\/festivalauvillage.fr\/","name":"Festival au Village","description":"Soif de spectacles !","publisher":{"@id":"https:\/\/festivalauvillage.fr\/#organization"},"potentialAction":[{"@type":"SearchAction","target":{"@type":"EntryPoint","urlTemplate":"https:\/\/festivalauvillage.fr\/?s={search_term_string}"},"query-input":{"@type":"PropertyValueSpecification","valueRequired":true,"valueName":"search_term_string"}}],"inLanguage":"fr-FR"},{"@type":"Organization","@id":"https:\/\/festivalauvillage.fr\/#organization","name":"Sc\u00e8nes nomades","url":"https:\/\/festivalauvillage.fr\/","logo":{"@type":"ImageObject","inLanguage":"fr-FR","@id":"https:\/\/festivalauvillage.fr\/#\/schema\/logo\/image\/","url":"http:\/\/festivalauvillage.fr\/wp-content\/uploads\/2019\/05\/scenes-nomades.png","contentUrl":"http:\/\/festivalauvillage.fr\/wp-content\/uploads\/2019\/05\/scenes-nomades.png","width":295,"height":112,"caption":"Sc\u00e8nes nomades"},"image":{"@id":"https:\/\/festivalauvillage.fr\/#\/schema\/logo\/image\/"}}]}},"_links":{"self":[{"href":"https:\/\/festivalauvillage.fr\/wp-core\/wp\/v2\/show\/3953","targetHints":{"allow":["GET"]}}],"collection":[{"href":"https:\/\/festivalauvillage.fr\/wp-core\/wp\/v2\/show"}],"about":[{"href":"https:\/\/festivalauvillage.fr\/wp-core\/wp\/v2\/types\/show"}],"wp:attachment":[{"href":"https:\/\/festivalauvillage.fr\/wp-core\/wp\/v2\/media?parent=3953"}],"wp:term":[{"taxonomy":"show-type","embeddable":true,"href":"https:\/\/festivalauvillage.fr\/wp-core\/wp\/v2\/show-type?post=3953"}],"curies":[{"name":"wp","href":"https:\/\/api.w.org\/{rel}","templated":true}]}}