{"id":2542,"date":"2023-05-05T22:35:53","date_gmt":"2023-05-05T20:35:53","guid":{"rendered":"https:\/\/festivalauvillage.fr\/?page_id=2542"},"modified":"2023-05-09T14:48:46","modified_gmt":"2023-05-09T12:48:46","slug":"theatre-des-ilets-centre-dramatique-national-de-montlucon","status":"publish","type":"page","link":"http:\/\/festivalauvillage.fr\/programme\/theatre-des-ilets-centre-dramatique-national-de-montlucon\/","title":{"rendered":"Th\u00e9\u00e2tre des \u00celets &#8211; Centre dramatique national de Montlu\u00e7on"},"content":{"rendered":"<div class=\"wp-block-image\">\n<figure class=\"alignright size-full\"><img loading=\"lazy\" decoding=\"async\" width=\"222\" height=\"227\" src=\"https:\/\/festivalauvillage.fr\/wp-content\/uploads\/2023\/05\/carole-thibaut.jpeg\" alt=\"\" class=\"wp-image-2545\" srcset=\"http:\/\/festivalauvillage.fr\/wp-content\/uploads\/2023\/05\/carole-thibaut.jpeg 222w, http:\/\/festivalauvillage.fr\/wp-content\/uploads\/2023\/05\/carole-thibaut-147x150.webp 147w\" sizes=\"auto, (max-width: 222px) 100vw, 222px\" \/><\/figure><\/div>\n\n\n<p>Invit\u00e9e dans le cadre du Festival au Village, <strong>Carole Thibaut<\/strong>, <strong>directrice du CDN de Montlu\u00e7on depuis janvier 2016<\/strong>, ouvre large les portes de son th\u00e9\u00e2tre qu\u2019elle transpose \u00e0 Brioux et propose des temps forts au c\u0153ur de notre \u00e9v\u00e9nement.<\/p>\n\n\n\n<p>Son projet artistique pour le CDN de Montlu\u00e7on est le fruit de convictions profondes qui r\u00e9sonnent en \u00e9cho \u00e0 l\u2019histoire et au d\u00e9veloppement de ce territoire. Elle met au c\u0153ur de son th\u00e9\u00e2tre les \u00e9critures d\u2019aujourd\u2019hui pour \u00e9crire le monde actuel en lien avec<strong> une constellation d\u2019artistes associ\u00e9\u00b7e\u00b7s<\/strong>, ainsi que de <strong>nombreux\u00b7ses auteurs et autrices<\/strong>.<\/p>\n\n\n\n<p>Pr\u00e9sente avec ses com\u00e9diens, com\u00e9diennes et techniciens du 26 juin au 8 juillet, Carole Thibaut, autrice et metteuse en sc\u00e8ne, nous propose :<\/p>\n\n\n\n<ul class=\"wp-block-list\">\n<li>Un grand spectacle de th\u00e9\u00e2tre : <strong>Un si\u00e8cle &#8211; Vie et mort de Galia Libertad<\/strong>. Un gradin sera install\u00e9 devant la fa\u00e7ade du Logis d\u2019Asni\u00e8res (3 s\u00e9ances). <\/li>\n\n\n\n<li>Du th\u00e9\u00e2tre plus intimiste : <strong>Faut-il laisser les vieux p\u00e8res manger seuls aux comptoirs des bars ?<\/strong> dans un dispositif quadri-frontal (2 s\u00e9ances). <\/li>\n\n\n\n<li>Des petites formes : <strong>Les mari\u00e9s dans l\u2019\u00c9curie<\/strong> (2 s\u00e9ances), et <strong>Longwy Texas<\/strong>. <\/li>\n\n\n\n<li>Des lectures : <strong>Enfant drame rural<\/strong> et <strong>Manitoba<\/strong> de et avec la jeune troupe n\u00b02 du Th\u00e9\u00e2tre des \u00celets.<\/li>\n<\/ul>\n","protected":false},"excerpt":{"rendered":"<p>Invit\u00e9e dans le cadre du Festival au Village, Carole Thibaut, directrice du CDN de Montlu\u00e7on depuis janvier 2016, ouvre large les portes de son th\u00e9\u00e2tre qu\u2019elle transpose \u00e0 Brioux et propose des temps forts au c\u0153ur de notre \u00e9v\u00e9nement. Son projet artistique pour le CDN de Montlu\u00e7on est le fruit de convictions profondes qui r\u00e9sonnent [&hellip;]<\/p>\n","protected":false},"author":1,"featured_media":2564,"parent":14,"menu_order":15,"comment_status":"closed","ping_status":"closed","template":"","meta":{"_acf_changed":false,"footnotes":""},"class_list":["post-2542","page","type-page","status-publish","has-post-thumbnail","hentry"],"acf":[],"yoast_head":"<!-- This site is optimized with the Yoast SEO plugin v25.8 - https:\/\/yoast.com\/wordpress\/plugins\/seo\/ -->\n<title>Th\u00e9\u00e2tre des \u00celets - Centre dramatique national de Montlu\u00e7on &#8212; Festival au Village<\/title>\n<meta name=\"robots\" content=\"index, follow, max-snippet:-1, max-image-preview:large, max-video-preview:-1\" \/>\n<link rel=\"canonical\" href=\"https:\/\/www.festivalauvillage.fr\/programme\/theatre-des-ilets-centre-dramatique-national-de-montlucon\/\" \/>\n<meta name=\"twitter:label1\" content=\"Dur\u00e9e de lecture estim\u00e9e\" \/>\n\t<meta name=\"twitter:data1\" content=\"2 minutes\" \/>\n<script type=\"application\/ld+json\" class=\"yoast-schema-graph\">{\"@context\":\"https:\/\/schema.org\",\"@graph\":[{\"@type\":\"WebPage\",\"@id\":\"https:\/\/www.festivalauvillage.fr\/programme\/theatre-des-ilets-centre-dramatique-national-de-montlucon\/\",\"url\":\"https:\/\/www.festivalauvillage.fr\/programme\/theatre-des-ilets-centre-dramatique-national-de-montlucon\/\",\"name\":\"Th\u00e9\u00e2tre des \u00celets - Centre dramatique national de Montlu\u00e7on &#8212; Festival au Village\",\"isPartOf\":{\"@id\":\"https:\/\/www.festivalauvillage.fr\/#website\"},\"primaryImageOfPage\":{\"@id\":\"https:\/\/www.festivalauvillage.fr\/programme\/theatre-des-ilets-centre-dramatique-national-de-montlucon\/#primaryimage\"},\"image\":{\"@id\":\"https:\/\/www.festivalauvillage.fr\/programme\/theatre-des-ilets-centre-dramatique-national-de-montlucon\/#primaryimage\"},\"thumbnailUrl\":\"http:\/\/festivalauvillage.fr\/wp-content\/uploads\/2023\/05\/un-siecle-copyright-heloise-faure-2022-7257-jpg.webp\",\"datePublished\":\"2023-05-05T20:35:53+00:00\",\"dateModified\":\"2023-05-09T12:48:46+00:00\",\"breadcrumb\":{\"@id\":\"https:\/\/www.festivalauvillage.fr\/programme\/theatre-des-ilets-centre-dramatique-national-de-montlucon\/#breadcrumb\"},\"inLanguage\":\"fr-FR\",\"potentialAction\":[{\"@type\":\"ReadAction\",\"target\":[\"https:\/\/www.festivalauvillage.fr\/programme\/theatre-des-ilets-centre-dramatique-national-de-montlucon\/\"]}]},{\"@type\":\"ImageObject\",\"inLanguage\":\"fr-FR\",\"@id\":\"https:\/\/www.festivalauvillage.fr\/programme\/theatre-des-ilets-centre-dramatique-national-de-montlucon\/#primaryimage\",\"url\":\"http:\/\/festivalauvillage.fr\/wp-content\/uploads\/2023\/05\/un-siecle-copyright-heloise-faure-2022-7257-jpg.webp\",\"contentUrl\":\"http:\/\/festivalauvillage.fr\/wp-content\/uploads\/2023\/05\/un-siecle-copyright-heloise-faure-2022-7257-jpg.webp\",\"width\":1440,\"height\":960},{\"@type\":\"BreadcrumbList\",\"@id\":\"https:\/\/www.festivalauvillage.fr\/programme\/theatre-des-ilets-centre-dramatique-national-de-montlucon\/#breadcrumb\",\"itemListElement\":[{\"@type\":\"ListItem\",\"position\":1,\"name\":\"Accueil\",\"item\":\"https:\/\/www.festivalauvillage.fr\/\"},{\"@type\":\"ListItem\",\"position\":2,\"name\":\"Programme\",\"item\":\"https:\/\/www.festivalauvillage.fr\/programme\/\"},{\"@type\":\"ListItem\",\"position\":3,\"name\":\"Th\u00e9\u00e2tre des \u00celets &#8211; Centre dramatique national de Montlu\u00e7on\"}]},{\"@type\":\"WebSite\",\"@id\":\"https:\/\/www.festivalauvillage.fr\/#website\",\"url\":\"https:\/\/www.festivalauvillage.fr\/\",\"name\":\"Festival au Village\",\"description\":\"Soif de spectacles !\",\"publisher\":{\"@id\":\"https:\/\/www.festivalauvillage.fr\/#organization\"},\"potentialAction\":[{\"@type\":\"SearchAction\",\"target\":{\"@type\":\"EntryPoint\",\"urlTemplate\":\"https:\/\/www.festivalauvillage.fr\/?s={search_term_string}\"},\"query-input\":{\"@type\":\"PropertyValueSpecification\",\"valueRequired\":true,\"valueName\":\"search_term_string\"}}],\"inLanguage\":\"fr-FR\"},{\"@type\":\"Organization\",\"@id\":\"https:\/\/www.festivalauvillage.fr\/#organization\",\"name\":\"Sc\u00e8nes nomades\",\"url\":\"https:\/\/www.festivalauvillage.fr\/\",\"logo\":{\"@type\":\"ImageObject\",\"inLanguage\":\"fr-FR\",\"@id\":\"https:\/\/www.festivalauvillage.fr\/#\/schema\/logo\/image\/\",\"url\":\"http:\/\/festivalauvillage.fr\/wp-content\/uploads\/2019\/05\/scenes-nomades.png\",\"contentUrl\":\"http:\/\/festivalauvillage.fr\/wp-content\/uploads\/2019\/05\/scenes-nomades.png\",\"width\":295,\"height\":112,\"caption\":\"Sc\u00e8nes nomades\"},\"image\":{\"@id\":\"https:\/\/www.festivalauvillage.fr\/#\/schema\/logo\/image\/\"}}]}<\/script>\n<!-- \/ Yoast SEO plugin. -->","yoast_head_json":{"title":"Th\u00e9\u00e2tre des \u00celets - Centre dramatique national de Montlu\u00e7on &#8212; Festival au Village","robots":{"index":"index","follow":"follow","max-snippet":"max-snippet:-1","max-image-preview":"max-image-preview:large","max-video-preview":"max-video-preview:-1"},"canonical":"https:\/\/www.festivalauvillage.fr\/programme\/theatre-des-ilets-centre-dramatique-national-de-montlucon\/","twitter_misc":{"Dur\u00e9e de lecture estim\u00e9e":"2 minutes"},"schema":{"@context":"https:\/\/schema.org","@graph":[{"@type":"WebPage","@id":"https:\/\/www.festivalauvillage.fr\/programme\/theatre-des-ilets-centre-dramatique-national-de-montlucon\/","url":"https:\/\/www.festivalauvillage.fr\/programme\/theatre-des-ilets-centre-dramatique-national-de-montlucon\/","name":"Th\u00e9\u00e2tre des \u00celets - Centre dramatique national de Montlu\u00e7on &#8212; Festival au Village","isPartOf":{"@id":"https:\/\/www.festivalauvillage.fr\/#website"},"primaryImageOfPage":{"@id":"https:\/\/www.festivalauvillage.fr\/programme\/theatre-des-ilets-centre-dramatique-national-de-montlucon\/#primaryimage"},"image":{"@id":"https:\/\/www.festivalauvillage.fr\/programme\/theatre-des-ilets-centre-dramatique-national-de-montlucon\/#primaryimage"},"thumbnailUrl":"http:\/\/festivalauvillage.fr\/wp-content\/uploads\/2023\/05\/un-siecle-copyright-heloise-faure-2022-7257-jpg.webp","datePublished":"2023-05-05T20:35:53+00:00","dateModified":"2023-05-09T12:48:46+00:00","breadcrumb":{"@id":"https:\/\/www.festivalauvillage.fr\/programme\/theatre-des-ilets-centre-dramatique-national-de-montlucon\/#breadcrumb"},"inLanguage":"fr-FR","potentialAction":[{"@type":"ReadAction","target":["https:\/\/www.festivalauvillage.fr\/programme\/theatre-des-ilets-centre-dramatique-national-de-montlucon\/"]}]},{"@type":"ImageObject","inLanguage":"fr-FR","@id":"https:\/\/www.festivalauvillage.fr\/programme\/theatre-des-ilets-centre-dramatique-national-de-montlucon\/#primaryimage","url":"http:\/\/festivalauvillage.fr\/wp-content\/uploads\/2023\/05\/un-siecle-copyright-heloise-faure-2022-7257-jpg.webp","contentUrl":"http:\/\/festivalauvillage.fr\/wp-content\/uploads\/2023\/05\/un-siecle-copyright-heloise-faure-2022-7257-jpg.webp","width":1440,"height":960},{"@type":"BreadcrumbList","@id":"https:\/\/www.festivalauvillage.fr\/programme\/theatre-des-ilets-centre-dramatique-national-de-montlucon\/#breadcrumb","itemListElement":[{"@type":"ListItem","position":1,"name":"Accueil","item":"https:\/\/www.festivalauvillage.fr\/"},{"@type":"ListItem","position":2,"name":"Programme","item":"https:\/\/www.festivalauvillage.fr\/programme\/"},{"@type":"ListItem","position":3,"name":"Th\u00e9\u00e2tre des \u00celets &#8211; Centre dramatique national de Montlu\u00e7on"}]},{"@type":"WebSite","@id":"https:\/\/www.festivalauvillage.fr\/#website","url":"https:\/\/www.festivalauvillage.fr\/","name":"Festival au Village","description":"Soif de spectacles !","publisher":{"@id":"https:\/\/www.festivalauvillage.fr\/#organization"},"potentialAction":[{"@type":"SearchAction","target":{"@type":"EntryPoint","urlTemplate":"https:\/\/www.festivalauvillage.fr\/?s={search_term_string}"},"query-input":{"@type":"PropertyValueSpecification","valueRequired":true,"valueName":"search_term_string"}}],"inLanguage":"fr-FR"},{"@type":"Organization","@id":"https:\/\/www.festivalauvillage.fr\/#organization","name":"Sc\u00e8nes nomades","url":"https:\/\/www.festivalauvillage.fr\/","logo":{"@type":"ImageObject","inLanguage":"fr-FR","@id":"https:\/\/www.festivalauvillage.fr\/#\/schema\/logo\/image\/","url":"http:\/\/festivalauvillage.fr\/wp-content\/uploads\/2019\/05\/scenes-nomades.png","contentUrl":"http:\/\/festivalauvillage.fr\/wp-content\/uploads\/2019\/05\/scenes-nomades.png","width":295,"height":112,"caption":"Sc\u00e8nes nomades"},"image":{"@id":"https:\/\/www.festivalauvillage.fr\/#\/schema\/logo\/image\/"}}]}},"_links":{"self":[{"href":"http:\/\/festivalauvillage.fr\/wp-core\/wp\/v2\/pages\/2542","targetHints":{"allow":["GET"]}}],"collection":[{"href":"http:\/\/festivalauvillage.fr\/wp-core\/wp\/v2\/pages"}],"about":[{"href":"http:\/\/festivalauvillage.fr\/wp-core\/wp\/v2\/types\/page"}],"author":[{"embeddable":true,"href":"http:\/\/festivalauvillage.fr\/wp-core\/wp\/v2\/users\/1"}],"replies":[{"embeddable":true,"href":"http:\/\/festivalauvillage.fr\/wp-core\/wp\/v2\/comments?post=2542"}],"version-history":[{"count":5,"href":"http:\/\/festivalauvillage.fr\/wp-core\/wp\/v2\/pages\/2542\/revisions"}],"predecessor-version":[{"id":2555,"href":"http:\/\/festivalauvillage.fr\/wp-core\/wp\/v2\/pages\/2542\/revisions\/2555"}],"up":[{"embeddable":true,"href":"http:\/\/festivalauvillage.fr\/wp-core\/wp\/v2\/pages\/14"}],"wp:featuredmedia":[{"embeddable":true,"href":"http:\/\/festivalauvillage.fr\/wp-core\/wp\/v2\/media\/2564"}],"wp:attachment":[{"href":"http:\/\/festivalauvillage.fr\/wp-core\/wp\/v2\/media?parent=2542"}],"curies":[{"name":"wp","href":"https:\/\/api.w.org\/{rel}","templated":true}]}}